{"id":1574,"date":"2025-08-13T11:00:18","date_gmt":"2025-08-13T09:00:18","guid":{"rendered":"https:\/\/mana.org.pl\/?post_type=event&#038;p=1574"},"modified":"2025-09-01T09:43:11","modified_gmt":"2025-09-01T07:43:11","slug":"muzyczne-dziedzictwo-polski-koncert-muzyki-kameralnej-we-wroclawiu","status":"publish","type":"event","link":"https:\/\/mana.org.pl\/english\/wydarzenia\/muzyczne-dziedzictwo-polski-koncert-muzyki-kameralnej-we-wroclawiu\/","title":{"rendered":"Muzyczne Dziedzictwo Polski \u2013 koncert muzyki kameralnej we Wroc\u0142awiu"},"content":{"rendered":"<div class=\"person-description person-description-container  anim-item-fade\" style=\"background-color: transparent;\">\n            <img decoding=\"async\" \n            src=\"https:\/\/mana.org.pl\/wp-content\/uploads\/2025\/08\/Poster-459x650.jpg\" \n            srcset=\"https:\/\/mana.org.pl\/wp-content\/uploads\/2025\/08\/Poster-459x650.jpg 1x, https:\/\/mana.org.pl\/wp-content\/uploads\/2025\/08\/Poster-459x650.jpg 2x\"\n            alt=\"Plakat koncertu muzyki kameralnej &quot;Muzyczne Dziedzictwo Polski&quot;, kt\u00f3re odb\u0119dzie si\u0119 we Wroc\u0142awiu 26 wrze\u015bnia 2025 roku\" \n            class=\"\" \n                        \n        >\n    \n    <div class=\"person-description__text-content\">\n        \n\n<h2 class=\"headline headline--small  align-left\" style=\"font-weight:300\"><strong>Muzyczne Dziedzictwo Polski \u2013 koncert muzyki kameralnej we Wroc\u0142awiu<\/strong><\/h2>\n\n\n\n<p class=\"text-page align-left\">26.09.2025, Klub Literatury i Muzyki we Wroc\u0142awiu<\/p>\n\n\n\n<p class=\"text-page align-left\"><strong>Event description<\/strong><br>Koncert duetu fortepianowego w wykonaniu Justyny Gabzdyl i Gabrieli Paluch-Dutka odb\u0119dzie si\u0119 w kameralnej i artystycznej atmosferze\u00a0<strong>Klubu Muzyki i Literatury we Wroc\u0142awiu<\/strong>, kt\u00f3ry od lat stanowi wa\u017cne miejsce spotka\u0144 meloman\u00f3w i mi\u0142o\u015bnik\u00f3w sztuki. Koncert jest ho\u0142dem dla kulturowej pami\u0119ci oraz wk\u0142adu polskich kompozytor\u00f3w w europejsk\u0105 histori\u0119 muzyki.<br>Wst\u0119p wolny<br><br>W programie: Ignacy Jan Paderewski, Fryderyk Chopin, Zygmunt Noskowski, Juliusz Zar\u0119bski<br><br><strong>Performer<\/strong>: duet fortepianowy &#8211; Justyna Gabzdyl, Gabriela Paluch-Dutka<\/p>\n\n\n                    <div class=\"person-description__share\">\n                 \n                    <div class=\"person-description__share--title\"><b>Share<\/b><\/div>\n\n                    <div class=\"person-description__share--container\">\n                                    <a class=\"btn btn--basic\" href=\"https:\/\/www.facebook.com\/sharer\/sharer.php?u=https:\/\/mana.org.pl\/english\/wydarzenia\/muzyczne-dziedzictwo-polski-koncert-muzyki-kameralnej-we-wroclawiu\/\" target=\"_blank\" aria-label=\"Udost\u0119pnij na Facebooku\">\n                        <i class=\"fab fa-facebook\"><\/i>\n                    <\/a>\n                                                    <a class=\"btn btn--basic\" href=\"https:\/\/twitter.com\/share?url=https:\/\/mana.org.pl\/english\/wydarzenia\/muzyczne-dziedzictwo-polski-koncert-muzyki-kameralnej-we-wroclawiu\/\" target=\"_blank\" aria-label=\"Udost\u0119pnij na Twitterze\">\n                        <i class=\"fab fa-x-twitter\"><\/i>\n                    <\/a>\n                                                    <a class=\"btn btn--basic\" href=\"https:\/\/api.whatsapp.com\/send?text=https:\/\/mana.org.pl\/english\/wydarzenia\/muzyczne-dziedzictwo-polski-koncert-muzyki-kameralnej-we-wroclawiu\/\" target=\"_blank\" aria-label=\"Udost\u0119pnij na WhatsAppie\">\n                        <i class=\"fab fa-whatsapp\"><\/i>\n                    <\/a>\n                                                    <a class=\"btn btn--basic\" href=\"fb-messenger:\/\/share\/?link=https:\/\/mana.org.pl\/wp-content\/uploads\/2025\/08\/Poster.jpg\" target=\"_blank\" aria-label=\"Udost\u0119pnij przez Messenger\">\n                        <i class=\"fab fa-facebook-messenger\"><\/i>\n                    <\/a>\n                                                    <a class=\"btn btn--basic\" href=\"https:\/\/mana.org.pl\/wp-content\/uploads\/2025\/08\/Poster.jpg\" download aria-label=\"Pobierz obrazek\">\n                        <i class=\"fas fa-download\"><\/i>\n                    <\/a>\n                                <\/div>\n                            <\/div>\n            <\/div>\n<\/div>\n\n\n<p><\/p>","protected":false},"excerpt":{"rendered":"<p>Muzyczne dziedzictwo Polski to wyj\u0105tkowy wiecz\u00f3r fortepianowy w wykonaniu wybitnych pianistek \u2013 Gabrieli Paluch-Dutki i Justyny Gabzdyl. Koncert jest ho\u0142dem dla kulturowej pami\u0119ci oraz wk\u0142adu polskich kompozytor\u00f3w w europejsk\u0105 histori\u0119 muzyki. Zapraszamy 26 wrze\u015bnia 2025 do Klubu Muzyki i Literatury we Wroc\u0142awiu! Wst\u0119p wolny.<\/p>","protected":false},"template":"","class_list":["post-1574","event","type-event","status-publish","hentry"],"acf":[],"_links":{"self":[{"href":"https:\/\/mana.org.pl\/english\/wp-json\/wp\/v2\/event\/1574","targetHints":{"allow":["GET"]}}],"collection":[{"href":"https:\/\/mana.org.pl\/english\/wp-json\/wp\/v2\/event"}],"about":[{"href":"https:\/\/mana.org.pl\/english\/wp-json\/wp\/v2\/types\/event"}],"wp:attachment":[{"href":"https:\/\/mana.org.pl\/english\/wp-json\/wp\/v2\/media?parent=1574"}],"curies":[{"name":"wp","href":"https:\/\/api.w.org\/{rel}","templated":true}]}}