{"id":1577,"date":"2025-08-13T11:03:04","date_gmt":"2025-08-13T09:03:04","guid":{"rendered":"https:\/\/mana.org.pl\/?post_type=event&#038;p=1577"},"modified":"2025-08-19T10:17:29","modified_gmt":"2025-08-19T08:17:29","slug":"muzyczne-dziedzictwo-polski-koncert-muzyki-kameralnej-w-dusznikach-zdroju","status":"publish","type":"event","link":"https:\/\/mana.org.pl\/english\/wydarzenia\/muzyczne-dziedzictwo-polski-koncert-muzyki-kameralnej-w-dusznikach-zdroju\/","title":{"rendered":"Muzyczne Dziedzictwo Polski \u2013 koncert muzyki kameralnej w Dusznikach Zdroju"},"content":{"rendered":"<div class=\"person-description person-description-container  anim-item-fade\" style=\"background-color: transparent;\">\n            <img decoding=\"async\" \n            src=\"https:\/\/mana.org.pl\/wp-content\/uploads\/2025\/08\/Koncert-Muzyki-Kameralnej-Muzyczne-dziedzictwo-Polski-28-wrzesnia-25-w-Dusznikach-Zdroju-460x650.webp\" \n            srcset=\"https:\/\/mana.org.pl\/wp-content\/uploads\/2025\/08\/Koncert-Muzyki-Kameralnej-Muzyczne-dziedzictwo-Polski-28-wrzesnia-25-w-Dusznikach-Zdroju-460x650.webp 1x, https:\/\/mana.org.pl\/wp-content\/uploads\/2025\/08\/Koncert-Muzyki-Kameralnej-Muzyczne-dziedzictwo-Polski-28-wrzesnia-25-w-Dusznikach-Zdroju-460x650.webp 2x\"\n            alt=\"Plakat koncertu muzyki kameralnej &quot;Muzyczne Dziedzictwo Polski&quot;, kt\u00f3re odb\u0119dzie si\u0119 w Dusznikach-Zdr\u00f3j 29 wrze\u015bnia 2025 roku\" \n            class=\"image-modal-trigger\" \n            data-full-image=\"https:\/\/mana.org.pl\/wp-content\/uploads\/2025\/08\/Koncert-Muzyki-Kameralnej-Muzyczne-dziedzictwo-Polski-28-wrzesnia-25-w-Dusznikach-Zdroju.webp\"            \n        >\n    \n    <div class=\"person-description__text-content\">\n        \n\n<h2 class=\"headline headline--small  align-left\" style=\"font-weight:300\"><strong>Muzyczne Dziedzictwo Polski \u2013 koncert muzyki kameralnej w Dusznikach Zdroju<\/strong><\/h2>\n\n\n\n<p class=\"text-page align-left\">28.09.2025, Teatr Zdrojowy im. Fryderyka Chopina w Dusznikach-Zdroju<\/p>\n\n\n\n<p class=\"text-page align-left\"><strong>Event description<\/strong><br>Koncert duetu fortepianowego w wykonaniu Justyny Gabzdyl i Gabrieli Paluch-Dutka odb\u0119dzie si\u0119 w niezwyk\u0142ej scenerii Teatru Zdrojowego im. Fryderyka Chopina w Dusznikach-Zdroju \u2013 \u201eDworku Chopina\u201d, miejscu o bogatej tradycji muzycznej, kt\u00f3re od lat go\u015bci najwybitniejszych artyst\u00f3w.<br>Wst\u0119p wolny.<br><br>W programie: Ignacy Jan Paderewski, Fryderyk Chopin, Zygmunt Noskowski, Juliusz Zar\u0119bski<br><br><strong>Performer<\/strong>: duet fortepianowy &#8211; Justyna Gabzdyl, Gabriela Paluch-Dutka<\/p>\n\n\n                    <div class=\"person-description__share\">\n                 \n                    <div class=\"person-description__share--title\"><b>Share<\/b><\/div>\n\n                    <div class=\"person-description__share--container\">\n                                    <a class=\"btn btn--basic\" href=\"https:\/\/www.facebook.com\/sharer\/sharer.php?u=https:\/\/mana.org.pl\/english\/wydarzenia\/muzyczne-dziedzictwo-polski-koncert-muzyki-kameralnej-w-dusznikach-zdroju\/\" target=\"_blank\" aria-label=\"Udost\u0119pnij na Facebooku\">\n                        <i class=\"fab fa-facebook\"><\/i>\n                    <\/a>\n                                                    <a class=\"btn btn--basic\" href=\"https:\/\/twitter.com\/share?url=https:\/\/mana.org.pl\/english\/wydarzenia\/muzyczne-dziedzictwo-polski-koncert-muzyki-kameralnej-w-dusznikach-zdroju\/\" target=\"_blank\" aria-label=\"Udost\u0119pnij na Twitterze\">\n                        <i class=\"fab fa-x-twitter\"><\/i>\n                    <\/a>\n                                                    <a class=\"btn btn--basic\" href=\"https:\/\/api.whatsapp.com\/send?text=https:\/\/mana.org.pl\/english\/wydarzenia\/muzyczne-dziedzictwo-polski-koncert-muzyki-kameralnej-w-dusznikach-zdroju\/\" target=\"_blank\" aria-label=\"Udost\u0119pnij na WhatsAppie\">\n                        <i class=\"fab fa-whatsapp\"><\/i>\n                    <\/a>\n                                                    <a class=\"btn btn--basic\" href=\"fb-messenger:\/\/share\/?link=https:\/\/mana.org.pl\/wp-content\/uploads\/2025\/08\/Koncert-Muzyki-Kameralnej-Muzyczne-dziedzictwo-Polski-28-wrzesnia-25-w-Dusznikach-Zdroju.webp\" target=\"_blank\" aria-label=\"Udost\u0119pnij przez Messenger\">\n                        <i class=\"fab fa-facebook-messenger\"><\/i>\n                    <\/a>\n                                                    <a class=\"btn btn--basic\" href=\"https:\/\/mana.org.pl\/wp-content\/uploads\/2025\/08\/Koncert-Muzyki-Kameralnej-Muzyczne-dziedzictwo-Polski-28-wrzesnia-25-w-Dusznikach-Zdroju.webp\" download aria-label=\"Pobierz obrazek\">\n                        <i class=\"fas fa-download\"><\/i>\n                    <\/a>\n                                <\/div>\n                            <\/div>\n            <\/div>\n<\/div>","protected":false},"excerpt":{"rendered":"<p>Muzyczne dziedzictwo Polski to wyj\u0105tkowy wiecz\u00f3r fortepianowy w wykonaniu wybitnych pianistek \u2013 Gabrieli Paluch-Dutki i Justyny Gabzdyl. Koncert jest ho\u0142dem dla kulturowej pami\u0119ci oraz wk\u0142adu polskich kompozytor\u00f3w w europejsk\u0105 histori\u0119 muzyki. Zapraszamy 28 wrze\u015bnia 2025 do Teatru Zdrojowego im. Fryderyka Chopina w Dusznikach-Zdroju! Wst\u0119p wolny.<\/p>","protected":false},"template":"","class_list":["post-1577","event","type-event","status-publish","hentry"],"acf":[],"_links":{"self":[{"href":"https:\/\/mana.org.pl\/english\/wp-json\/wp\/v2\/event\/1577","targetHints":{"allow":["GET"]}}],"collection":[{"href":"https:\/\/mana.org.pl\/english\/wp-json\/wp\/v2\/event"}],"about":[{"href":"https:\/\/mana.org.pl\/english\/wp-json\/wp\/v2\/types\/event"}],"wp:attachment":[{"href":"https:\/\/mana.org.pl\/english\/wp-json\/wp\/v2\/media?parent=1577"}],"curies":[{"name":"wp","href":"https:\/\/api.w.org\/{rel}","templated":true}]}}